{"id":4014,"date":"2024-11-04T12:45:33","date_gmt":"2024-11-04T12:45:33","guid":{"rendered":"http:\/\/efas464\/?page_id=4014"},"modified":"2026-01-27T16:39:48","modified_gmt":"2026-01-27T16:39:48","slug":"privacy-policy","status":"publish","type":"page","link":"https:\/\/www.efacec.com\/pt\/politica-privacidade\/","title":{"rendered":"Pol\u00edtica de privacidade"},"content":{"rendered":"<h2>Controlador de dados<\/h2>\n<div>\n<p><strong>Nome:<\/strong> Efacec Power Solutions, SGPS, S.A. (incluindo todas as empresas do grupo), a seguir designada \"Efacec\".<\/p>\n<p><strong>Sede social:<\/strong> Lugar da Arroteia 4465-587 Matosinhos<\/p>\n<p><strong>VAT Number:<\/strong> 513180966<\/p>\n<p><strong>Contacto:<\/strong> <a href=\"mailto:privacy@efacec.com\" target=\"_blank\" rel=\"noopener\">privacy@efacec.com<\/a><\/p>\n<p>No \u00e2mbito da sua atividade e das rela\u00e7\u00f5es contratuais estabelecidas, a Efacec recolhe dados pessoais dos seus representantes de clientes, fornecedores, candidatos a processos de recrutamento, parceiros e outras pessoas singulares. Adicionalmente, a intera\u00e7\u00e3o com os utilizadores do site\u00a0<a href=\"https:\/\/www.efacec.pt\/\">https:\/\/www.efacec.pt\/<\/a> requer tamb\u00e9m, em alguns casos, (i) a recolha de informa\u00e7\u00e3o pessoal atrav\u00e9s do respetivo formul\u00e1rio de contacto, bem como (ii) a recolha de dados do seu dispositivo (atrav\u00e9s de ficheiros cookie), nos termos da respectiva Pol\u00edtica de Privacidade e Cookies.<\/p>\n<p>Em geral, a Efacec recolhe e trata dados pessoais para o desenvolvimento da sua atividade empresarial, nomeadamente a presta\u00e7\u00e3o dos seus servi\u00e7os, a gest\u00e3o da rela\u00e7\u00e3o contratual com os seus clientes, fornecedores e parceiros, desde as dilig\u00eancias pr\u00e9-contratuais at\u00e9 \u00e0 execu\u00e7\u00e3o do contrato. No entanto, no contexto deste website, a Efacec trata os dados essencialmente para as finalidades inerentes ao mesmo.<\/p>\n<p><span style=\"font-weight: 400;\">Tabela de finalidades, fundamentos e prazos de conserva\u00e7\u00e3o<\/span>.<\/p>\n<p><span style=\"font-weight: 400;\">Atrav\u00e9s da tabela abaixo, a Efacec informa o titular dos dados sobre as finalidades para as quais os dados pessoais s\u00e3o tratados, ou seja, o motivo pelo qual os dados s\u00e3o tratados. Adicionalmente, o titular dos dados \u00e9 informado sobre o fundamento jur\u00eddico aplic\u00e1vel a cada finalidade de tratamento, ou seja, o fundamento jur\u00eddico que permite \u00e0 Efacec proceder ao tratamento dos dados. Por fim, a Efacec elenca ainda os prazos de conserva\u00e7\u00e3o aplic\u00e1veis a cada categoria de dados pessoais, no estrito cumprimento da legisla\u00e7\u00e3o aplic\u00e1vel.<\/span><\/p>\n<\/div>\n<div>\n<table class=\"data-processing-table\">\n<thead>\n<tr>\n<th>Categoria de dados pessoais<\/th>\n<th>Finalidade do tratamento<\/th>\n<th>Base legal<\/th>\n<th>Prazo de conserva\u00e7\u00e3o<\/th>\n<\/tr>\n<\/thead>\n<tbody>\n<tr>\n<td>Dados de contacto<\/td>\n<td>Presta\u00e7\u00e3o de produtos e servi\u00e7os contratados e gest\u00e3o da rela\u00e7\u00e3o contratual.<\/td>\n<td>\n                \u2013 Cumprimento de um contrato do qual o titular dos dados \u00e9 parte ou para a ado\u00e7\u00e3o de medidas a pedido do titular dos dados antes da celebra\u00e7\u00e3o de um contrato;<\/p>\n<p>                \u2013 Interesse leg\u00edtimo do respons\u00e1vel pelo tratamento no cumprimento do contrato celebrado com o cliente\n            <\/td>\n<td>At\u00e9 que cesse a finalidade para a qual os dados pessoais foram recolhidos.<\/td>\n<\/tr>\n<tr>\n<td>Dados de contacto<\/td>\n<td>Gest\u00e3o de contactos com empresas e clientes, resposta a quest\u00f5es colocadas por clientes e potenciais clientes.<\/td>\n<td>\u2013 Interesse leg\u00edtimo do respons\u00e1vel pelo tratamento em responder \u00e0s quest\u00f5es dos clientes.<\/td>\n<td>At\u00e9 que cesse a finalidade para a qual os dados pessoais foram recolhidos.<\/td>\n<\/tr>\n<\/tbody>\n<\/table>\n<\/div>\n<div>\n<p><span style=\"font-weight: 400;\">Nos termos da lei, e sempre que o tratamento de dados pessoais se basear no consentimento do titular dos dados, este tem o direito de revogar o seu consentimento, com a mesma facilidade com que o prestou e sem que da\u00ed decorram consequ\u00eancias negativas. A revoga\u00e7\u00e3o do consentimento n\u00e3o compromete, por\u00e9m, a licitude do tratamento efectuado at\u00e9 essa altura com base nesse consentimento.\u00a0<\/span><\/p>\n<p><span style=\"font-weight: 400;\">Sempre que o fundamento jur\u00eddico for uma dilig\u00eancia pr\u00e9-contratual ou contratual a pedido da pessoa em causa \/ a execu\u00e7\u00e3o de um contrato no qual a pessoa em causa \u00e9 parte, os dados s\u00e3o necess\u00e1rios para a celebra\u00e7\u00e3o do contrato em causa. O n\u00e3o fornecimento destes dados implica a impossibilidade de celebrar um contrato com a pessoa em causa.<\/span><\/p>\n<p><span style=\"font-weight: 400;\">Ao utilizar o nosso s\u00edtio Web, e para que este funcione corretamente, tamb\u00e9m processamos dados pessoais atrav\u00e9s de cookies. Para mais informa\u00e7\u00f5es sobre a forma como processamos estes dados, consulte a nossa <\/span><span style=\"font-weight: 400;\"><a href=\"https:\/\/www.efacec.com\/cookies-policy\/\">Pol\u00edtica de Cookies<\/a>.<\/span><\/p>\n<\/div>\n<h2>Destinat\u00e1rios dos dados pessoais<\/h2>\n<div>\n<p>A Efacec recorre a outras entidades para a presta\u00e7\u00e3o de determinados servi\u00e7os. Ocasionalmente, essa presta\u00e7\u00e3o de servi\u00e7os pode implicar que essas entidades tenham acesso aos dados pessoais dos seus clientes, fornecedores e parceiros, tratando-os para a presta\u00e7\u00e3o dos servi\u00e7os em causa, na prossecu\u00e7\u00e3o dessa estrita finalidade (<b>subcontratantes<\/b>).<\/p>\n<p>Qualquer subcontratante da Efacec processar\u00e1 os dados pessoais dos titulares dos dados em nome e por conta da Efacec, sob a estrita obriga\u00e7\u00e3o de seguir as nossas instru\u00e7\u00f5es. A Efacec assegura que tais subcontratantes apresentam garantias suficientes de execu\u00e7\u00e3o de medidas t\u00e9cnicas e organizativas adequadas para que o tratamento satisfa\u00e7a os requisitos da legisla\u00e7\u00e3o aplic\u00e1vel e garanta a seguran\u00e7a e prote\u00e7\u00e3o dos direitos dos titulares dos dados, nos termos do contrato de tratamento de dados celebrado com os referidos subcontratantes.<\/p>\n<p>Em determinadas situa\u00e7\u00f5es, os dados pessoais dos titulares dos dados poder\u00e3o igualmente ser transmitidos a terceiros, sempre que tais comunica\u00e7\u00f5es de dados sejam necess\u00e1rias ou adequadas (i) \u00e0 luz da legisla\u00e7\u00e3o aplic\u00e1vel, (ii) para o cumprimento de obriga\u00e7\u00f5es legais e\/ou ordens judiciais, (iii) por determina\u00e7\u00e3o da Comiss\u00e3o Nacional de Prote\u00e7\u00e3o de Dados (\u201cCNPD\u201d) ou de outra autoridade de controlo competente, ou (iv) para responder a pedidos de autoridades p\u00fablicas ou governamentais, tais como autoridades fiscais, tribunais e entidades reguladoras<\/p>\n<p>Em qualquer das situa\u00e7\u00f5es acima referidas, a Efacec compromete-se a tomar todas as medidas razo\u00e1veis para assegurar a prote\u00e7\u00e3o efectiva dos dados pessoais que trata.<\/p>\n<p>No decurso da sua atividade, a presta\u00e7\u00e3o de servi\u00e7os e o fornecimento de produtos pela Efacec podem implicar a transfer\u00eancia de dados pessoais dos titulares dos dados para pa\u00edses terceiros (pa\u00edses que n\u00e3o pertencem ao Espa\u00e7o Econ\u00f3mico Europeu). Nesses casos, a Efacec implementar\u00e1 as medidas t\u00e9cnicas e organizativas necess\u00e1rias para garantir a licitude e seguran\u00e7a das transfer\u00eancias nos termos da legisla\u00e7\u00e3o aplic\u00e1vel, sendo o titular dos dados informado caso tal se verifique.<\/p>\n<\/div>\n<h2>Direitos das pessoas em causa<\/h2>\n<div>\n<p>Nos termos da lei, o titular dos dados pode, a qualquer momento, exercer os seus direitos relativamente aos dados pessoais que lhe digam respeito (em alguns casos e dependendo dos termos do contrato em vigor, estes direitos podem ser exercidos atrav\u00e9s do cliente, fornecedor ou parceiro onde o titular dos dados est\u00e1 integrado):<\/p>\n<ul>\n<li><strong>Acesso<\/strong> - O titular dos dados tem o direito de aceder aos seus dados pessoais;<\/li>\n<li><strong>Retifica\u00e7\u00e3o<\/strong> - A pessoa em causa tem o direito de solicitar a retifica\u00e7\u00e3o dos dados pessoais inexactos que lhe digam respeito, bem como o direito de solicitar que os dados pessoais incompletos sejam completados;<\/li>\n<li><strong>Apagamento dos seus dados <\/strong>(\u201cdireito a ser esquecido\u201d) - o titular dos dados tem o direito de solicitar o apagamento dos seus dados em determinados casos, designadamente, mas n\u00e3o exclusivamente, quando os dados pessoais deixem de ser necess\u00e1rios para a finalidade para a qual foram recolhidos ou tratados, quando o titular dos dados retire o consentimento em que se baseia o tratamento dos dados, entre outros.<\/li>\n<li><strong>Portabilidade dos dados<\/strong> - Em certos casos, o titular dos dados pode solicitar os dados pessoais que lhe digam respeito e que tenha fornecido \u00e0 Efacec, num formato estruturado, de uso corrente e de leitura autom\u00e1tica, bem como o direito de transmitir esses dados a outro respons\u00e1vel pelo tratamento;<\/li>\n<li><strong>Restri\u00e7\u00e3o do processamento<\/strong> - o titular dos dados tem o direito de solicitar a limita\u00e7\u00e3o do tratamento dos seus dados em determinados casos, nomeadamente quando o tratamento for il\u00edcito e se opuser ao apagamento dos seus dados, a Efacec j\u00e1 n\u00e3o precisar dos dados pessoais para fins de tratamento, mas esses dados sejam requeridos por si para efeitos de declara\u00e7\u00e3o, exerc\u00edcio ou defesa de um direito num processo judicial, entre outros;<\/li>\n<li><strong>Obje\u00e7\u00e3o<\/strong> - o titular dos dados pode opor-se ao tratamento dos seus dados, por motivos relacionados com a sua situa\u00e7\u00e3o particular, e nos casos em que o tratamento de dados seja efectuado (i) para efeito dos interesses leg\u00edtimos prosseguidos pela Efacec ou por terceiros, ou seja tratado para fins que n\u00e3o sejam aqueles para os quais os dados foram recolhidos e n\u00e3o seja efectuado com o consentimento do titular dos dados ou com base em disposi\u00e7\u00f5es de direito da Uni\u00e3o Europeia ou de um Estado-Membro, ou (ii) o tratamento de dados pessoais seja efectuado para efeitos de comercializa\u00e7\u00e3o direta, ou (iii) o tratamento de dados pessoais seja efectuado para fins de investiga\u00e7\u00e3o cient\u00edfica ou hist\u00f3rica ou para fins estat\u00edsticos.<\/li>\n<\/ul>\n<p>O titular dos dados pode exercer esses direitos dirigindo-se por escrito \u00e0 Efacec para\u00a0<a href=\"mailto:privacy@efacec.com\" target=\"_blank\" rel=\"noopener\">privacy@efacec.com<\/a>.<\/p>\n<p>Sem preju\u00edzo de qualquer outra via de recurso administrativo ou judicial, o titular dos dados tem o direito de apresentar reclama\u00e7\u00e3o \u00e0 autoridade de controlo competente do seu Estado membro. No caso de Portugal, esta entidade \u00e9 a Comiss\u00e3o Nacional de Prote\u00e7\u00e3o de Dados (\"CNPD\") ou outra autoridade de controlo competente nos termos da lei, caso considere que os seus dados n\u00e3o est\u00e3o a ser tratados legitimamente pela Efacec, nos termos da legisla\u00e7\u00e3o aplic\u00e1vel e da presente Pol\u00edtica.<\/p>\n<\/div>\n<p><!--more--><br \/>\n<!-- {\"type\":\"layout\",\"children\":[{\"type\":\"section\",\"props\":{\"animation_delay\":\"100\",\"height_offset_top\":true,\"height_viewport\":90,\"image_position\":\"center-center\",\"padding\":\"large\",\"padding_remove_bottom\":true,\"style\":\"default\",\"title_breakpoint\":\"xl\",\"title_position\":\"top-left\",\"title_rotation\":\"left\",\"vertical_align\":\"\",\"width\":\"xlarge\"},\"children\":[{\"type\":\"row\",\"children\":[{\"type\":\"column\",\"props\":{\"image_position\":\"center-center\",\"position_sticky_breakpoint\":\"m\"},\"children\":[{\"type\":\"headline\",\"props\":{\"margin\":\"default\",\"maxwidth\":\"2xlarge\",\"maxwidth_breakpoint\":\"l\",\"title_element\":\"h1\",\"title_style\":\"heading-large\"},\"source\":{\"query\":{\"name\":\"pages.singlePage\"},\"props\":{\"content\":{\"filters\":{\"search\":\"\"},\"name\":\"title\"}}}}]}],\"props\":{\"class\":\"uk-padding-large uk-padding-remove-vertical\",\"margin\":\"large\"}}],\"name\":\"Hero\"},{\"type\":\"section\",\"children\":[{\"type\":\"row\",\"props\":{\"class\":\"uk-padding-large uk-padding-remove-vertical uk-padding-remove-right\",\"column_gap\":\"large\",\"margin\":\"large\",\"width\":\"small\",\"width_expand\":\"left\"},\"children\":[{\"type\":\"column\",\"props\":{\"image_position\":\"center-center\",\"position_sticky_breakpoint\":\"m\"},\"children\":[{\"type\":\"headline\",\"props\":{\"content\":\"Data Controller\",\"maxwidth_breakpoint\":\"l\",\"title_element\":\"h2\",\"title_style\":\"heading-small\"},\"name\":\"headline\"},{\"type\":\"text\",\"props\":{\"column_breakpoint\":\"m\",\"content\":\"\n\n<p><strong>Name:<\\\/strong> Efacec Power Solutions, SGPS, S.A. (including all the companies in the group), hereinafter \\\"Efacec\\\".<\\\/p>\\n\n\n<p><strong>Registered office:<\\\/strong> Lugar da Arroteia 4465-587 Matosinhos<\\\/p>\\n\n\n<p><strong>VAT Number:<\\\/strong> 513180966<\\\/p>\\n\n\n<p><strong>Contact:<\\\/strong> <a href=\\\"mailto:privacy@efacec.com\\\" target=\\\"_blank\\\" rel=\\\"noopener\\\">privacy@efacec.com<\\\/a><\\\/p>\\n\n\n<p>In the context of its activity and the contractual relationships established, Efacec collects personal data from its customer representatives, suppliers, candidates for recruitment processes, partners and other natural persons. In addition, interaction with users of the website\\u00a0<a href=\\\"https:\\\/\\\/www.efacec.pt\\\/\\\">https:\\\/\\\/www.efacec.pt\\\/<\\\/a> also requires, in some cases, (i) the collection of personal information through the respective contact form, as well as (ii) the collection of data from your device (through cookie files), under the terms of the respective Privacy and Cookies Policy.<\\\/p>\\n\n\n<p>In general, Efacec collects and processes personal data for the development of its business activity, namely the provision of its services, the management of the contractual relationship with its customers, suppliers and partners, from the pre-contractual steps to the execution of the contract. However, in the context of this website, Efacec processes data essentially for the purposes inherent to it.<\\\/p>\\n\n\n<p><span style=\\\"font-weight: 400;\\\">Table of purposes, grounds and retention periods<\\\/span>.<\\\/p>\\n\n\n<p><span style=\\\"font-weight: 400;\\\">Through the table below, Efacec informs the data subject of the purposes for which the personal data are processed, i.e. the reason why the data is processed. In addition, the data subject is informed of the legal basis applicable to each processing purpose, i.e. the legal basis that allows Efacec to process the data. Finally, Efacec also lists the retention periods applicable to each category of personal data, in strict compliance with the applicable legislation.<\\\/span><\\\/p>\",\"margin\":\"medium\",\"maxwidth_breakpoint\":\"l\",\"text_color\":\"emphasis\",\"text_style\":\"small\"},\"name\":\"text\"},{\"type\":\"html\",\"props\":{\"content\":\"\n\n<table class=\\\"data-processing-table\\\">\\n    \n\n<thead>\\n        \n\n<tr>\\n            \n\n<th>Category of personal data<\\\/th>\\n            \n\n<th>Purpose of processing<\\\/th>\\n            \n\n<th>Legal basis<\\\/th>\\n            \n\n<th>Retention deadline<\\\/th>\\n        <\\\/tr>\\n    <\\\/thead>\\n    \n\n<tbody>\\n        \n\n<tr>\\n            \n\n<td>Contact data<\\\/td>\\n            \n\n<td>Provision of products and service hired and management of the contractual relationship.<\\\/td>\\n            \n\n<td>\\n                - Performance of a contract to which the data subject is party or in order to take steps at the request of the data subject prior to entering into a contract;\n\n\\n                - Legitimate interest of the controller in performing the contract celebrated with the client\\n            <\\\/td>\\n            \n\n<td>Until the purpose for which the personal data have been gathered cease.<\\\/td>\\n        <\\\/tr>\\n        \n\n<tr>\\n            \n\n<td>Contact Data<\\\/td>\\n            \n\n<td>Management of contacts with companies and clients, reply to queries asked by clients and potential clients.<\\\/td>\\n            \n\n<td>- Legitimate interest of the controller in replying to queries of the clients.<\\\/td>\\n            \n\n<td>Until the purpose for which the personal data have been gathered cease.<\\\/td>\\n        <\\\/tr>\\n    <\\\/tbody>\\n<\\\/table>\",\"css\":\".data-processing-table {\\n    width: 100%;\\n    border-collapse: collapse;\\n    background-color: white;\\n    margin: 20px 0;\\n    color: #000 !important;\\n}\\n.data-processing-table th,\\n.data-processing-table td {\\n    border: 1px solid #000;\\n    padding: 12px;\\n    vertical-align: top;\\n    font-size: 16px;\\n}\\n.data-processing-table th {\\n    background-color: #fff;\\n    font-weight: bold;\\n    text-align: center;\\n}\\n.data-processing-table td {\\n    text-align: left;\\n    line-height: 1.3;\\n    font-weight: 400;\\n}\"},\"name\":\"TablePP_en\"},{\"type\":\"text\",\"props\":{\"column_breakpoint\":\"m\",\"content\":\"\n\n<p><span style=\\\"font-weight: 400;\\\">Under the terms of the law, and whenever the processing of personal data is based on the consent of the data subject, the data subject has the right to revoke their consent, as easily as they provided it and without any negative consequences arising from such revocation. Revoking consent does not, however, jeopardize the lawfulness of the processing carried out up to that point on the basis of that consent.\\u00a0<\\\/span><\\\/p>\\n\n\n<p><span style=\\\"font-weight: 400;\\\">Whenever the legal basis is pre-contractual or contractual steps at the request of the data subject \\\/ the performance of a contract to which the data subject is a party to , the data is necessary for the conclusion of the contract in question. Failure to provide this data will result in the impossibility of concluding a contract with the data subject.<\\\/span><\\\/p>\\n\n\n<p><span style=\\\"font-weight: 400;\\\">When using our website, and in order for it to function properly, we also process personal data through cookies. For more information on how we process this data, please consult our <\\\/span><span style=\\\"font-weight: 400;\\\"><a href=\\\"https:\\\/\\\/www.efacec.com\\\/cookies-policy\\\/\\\">Cookie Policy<\\\/a>.<\\\/span><\\\/p>\",\"margin\":\"medium\",\"maxwidth_breakpoint\":\"l\",\"text_color\":\"emphasis\",\"text_style\":\"small\"},\"name\":\"text\"}]}]},{\"type\":\"row\",\"props\":{\"class\":\"uk-padding-large uk-padding-remove-vertical uk-padding-remove-right\",\"column_gap\":\"large\",\"margin\":\"large\",\"width\":\"small\",\"width_expand\":\"left\"},\"children\":[{\"type\":\"column\",\"props\":{\"image_position\":\"center-center\",\"position_sticky_breakpoint\":\"m\"},\"children\":[{\"type\":\"headline\",\"props\":{\"content\":\"Recipients of personal data\",\"margin\":\"large\",\"margin_remove_bottom\":true,\"maxwidth_breakpoint\":\"l\",\"title_element\":\"h2\",\"title_style\":\"heading-small\"},\"name\":\"headline\"},{\"type\":\"text\",\"props\":{\"column_breakpoint\":\"m\",\"content\":\"\n\n<p>Efacec uses other entities to provide certain services. Occasionally, this provision of services may imply that these entities have access to the personal data of their customers, suppliers and partners, processing it for the provision of the services in question, in pursuit of this strict purpose (<b>processors<\\\/b>).<\\\/p>\\n\n\n<p>Any processor of Efacec will process the personal data of data subjects in the name and on behalf of Efacec, under the strict obligation to follow our instructions. Efacec ensures that such processors provide sufficient guarantees for the implementation of appropriate technical and organizational measures so that the processing meets the requirements of the applicable legislation and ensures the security and protection of the rights of the data subjects, under the terms of the data processing agreement signed with said processors.<\\\/p>\\n\n\n<p>In certain situations, the personal data of data subjects may also be transmitted to third parties, when such data communications are necessary or appropriate (i) in the light of applicable law, (ii) in fulfilment of legal obligations\\\/court orders, (iii) by determination of the National Data Protection Commission\\u00a0(\\u201cCNPD\\u201d) or other competent supervisory authority, or (iv) to respond to requests from public or governmental authorities, such as tax authorities, courts and regulatory bodies.<\\\/p>\\n\n\n<p>In any of the situations mentioned above, Efacec undertakes to take all reasonable measures to ensure the effective protection of the personal data it processes.<\\\/p>\\n\n\n<p>In the course of its business, the provision of services and supply of products by Efacec may involve the transfer of personal data of data subjects to third countries (countries that do not belong to the European Economic Area). In such cases, Efacec will implement the necessary technical and organizational measures to ensure that the transfers are lawful and secure in accordance with the applicable legislation, and the data subject will be informed if this occurs.<\\\/p>\",\"margin\":\"medium\",\"maxwidth_breakpoint\":\"l\",\"text_color\":\"emphasis\",\"text_style\":\"small\"},\"name\":\"text\"}]}]},{\"type\":\"row\",\"props\":{\"class\":\"uk-padding-large uk-padding-remove-vertical uk-padding-remove-right\",\"column_gap\":\"large\",\"margin\":\"large\",\"width\":\"small\",\"width_expand\":\"left\"},\"children\":[{\"type\":\"column\",\"props\":{\"image_position\":\"center-center\",\"position_sticky_breakpoint\":\"m\"},\"children\":[{\"type\":\"headline\",\"props\":{\"content\":\"Rights of data subjects\",\"margin\":\"large\",\"margin_remove_bottom\":true,\"maxwidth_breakpoint\":\"l\",\"title_element\":\"h2\",\"title_style\":\"heading-small\"},\"name\":\"headline\"},{\"type\":\"text\",\"props\":{\"column_breakpoint\":\"m\",\"content\":\"\n\n<p>Under the terms of the law, the data subject may at any time use their rights in relation to personal data concerning them (in some cases and depending on the terms of the contract in force, these rights may be exercised through the client, supplier or partner where the data subject is integrated):<\\\/p>\\n\n\n<ul>\\n\n\n<li><strong>Access<\\\/strong> - The data subject is entitled to access his\\\/her personal data;<\\\/li>\\n\n\n<li><strong>Rectification<\\\/strong> - The data subject has the right to have inaccurate personal data concerning them rectified, as well as the right to have incomplete personal data completed;<\\\/li>\\n\n\n<li><strong>Erasure of your Data <\\\/strong>(\\\"right to be forgotten\\\") - the data subject has the right to request the erasure of their data in certain cases, namely, but not limited to, personal data that is no longer necessary for the purpose for which it was collected or processed, where the data subject withdraws consent on which the processing of the data is based, among others;<\\\/li>\\n\n\n<li><strong>Data Portability<\\\/strong> - in certain cases, the data subject may request the personal data concerning them that they have provided to Efacec, in a structured, commonly used and machine-readable format and the right to transmit this data to another data controller;<\\\/li>\\n\n\n<li><strong>Restriction of Processing<\\\/strong> - the data subject has the right to request the limitation of the processing of their data in certain cases, namely in return for the processing being unlawful and they oppose the erasure of their data, Efacec no longer needs the personal data for processing purposes, but they are required by them for the purposes of declaring, exercising or defending a right in legal proceedings, among others;<\\\/li>\\n\n\n<li><strong>Objection<\\\/strong> - the data subject may object to the processing of their data, for reasons relating to their particular situation, and in cases where the data are processed (i) for the purposes of the legitimate interests pursued by Efacec or by third parties, or are processed for purposes other than those for which the data were collected and are not carried out with the consent of the data subject or on the basis of provisions of European Union or Member State law, or (ii) the personal data are processed for direct marketing purposes, or (iii) the personal data are processed for scientific or historical research purposes or for statistical purposes.<\\\/li>\\n<\\\/ul>\\n\n\n<p>The data subject may exercise these rights by writing to Efacec at\\u00a0<a href=\\\"mailto:privacy@efacec.com\\\" target=\\\"_blank\\\" rel=\\\"noopener\\\">privacy@efacec.com<\\\/a>.<\\\/p>\\n\n\n<p>Without prejudice to any other administrative or judicial remedy, the data subject has the right to lodge a complaint with the competent supervisory authority in their member state. In the case of Portugal, this entity is the National Data Protection Commission (\\\"CNPD\\\") or another competent supervisory authority under the terms of the law, if you consider that your data is not being processed legitimately by Efacec, under the terms of the applicable legislation and this Policy.<\\\/p>\",\"margin\":\"medium\",\"maxwidth_breakpoint\":\"l\",\"text_color\":\"emphasis\",\"text_style\":\"small\"},\"name\":\"text\"}]}]}],\"props\":{\"animation_delay\":\"100\",\"image_position\":\"center-center\",\"padding_remove_bottom\":true,\"padding_remove_top\":false,\"style\":\"default\",\"title_breakpoint\":\"xl\",\"title_position\":\"top-left\",\"title_rotation\":\"left\",\"vertical_align\":\"\",\"width\":\"xlarge\"},\"name\":\"Board of directors\"}],\"version\":\"4.5.11\",\"yooessentialsVersion\":\"2.3.10\"} --><\/p>","protected":false},"excerpt":{"rendered":"<p>Nome do Respons\u00e1vel pelo Tratamento de Dados: Efacec Power Solutions, SGPS, S.A. (incluindo todas as empresas do grupo), adiante designada por \"Efacec\". Sede social: Lugar da Arroteia 4465-587 Matosinhos NIF: 513180966 Contacto: privacy@efacec.com No \u00e2mbito da sua atividade e das rela\u00e7\u00f5es contratuais estabelecidas, a Efacec recolhe dados pessoais dos seus representantes de clientes, fornecedores, candidatos a processos de recrutamento, parceiros e<\/p>","protected":false},"author":1,"featured_media":0,"parent":0,"menu_order":0,"comment_status":"closed","ping_status":"closed","template":"","meta":{"_acf_changed":false,"_monsterinsights_skip_tracking":false,"_monsterinsights_sitenote_active":false,"_monsterinsights_sitenote_note":"","_monsterinsights_sitenote_category":0,"_uf_show_specific_survey":0,"_uf_disable_surveys":false,"footnotes":""},"class_list":["post-4014","page","type-page","status-publish","hentry"],"acf":[],"yoast_head":"<!-- This site is optimized with the Yoast SEO Premium plugin v24.8 (Yoast SEO v24.8.1) - https:\/\/yoast.com\/wordpress\/plugins\/seo\/ -->\n<title>Privacy policy - Efacec<\/title>\n<meta name=\"description\" content=\"Our Privacy Policy outlines how personal data is collected, used, and protected, ensuring compliance with data protection regulations.\" \/>\n<meta name=\"robots\" content=\"index, follow, max-snippet:-1, max-image-preview:large, max-video-preview:-1\" \/>\n<link rel=\"canonical\" href=\"https:\/\/www.efacec.com\/pt\/politica-privacidade\/\" \/>\n<meta property=\"og:locale\" content=\"pt_PT\" \/>\n<meta property=\"og:type\" content=\"article\" \/>\n<meta property=\"og:title\" content=\"Privacy policy\" \/>\n<meta property=\"og:description\" content=\"Our Privacy Policy outlines how personal data is collected, used, and protected, ensuring compliance with data protection regulations.\" \/>\n<meta property=\"og:url\" content=\"https:\/\/www.efacec.com\/pt\/politica-privacidade\/\" \/>\n<meta property=\"og:site_name\" content=\"Efacec\" \/>\n<meta property=\"article:modified_time\" content=\"2026-01-27T16:39:48+00:00\" \/>\n<meta name=\"twitter:card\" content=\"summary_large_image\" \/>\n<meta name=\"twitter:label1\" content=\"Est. reading time\" \/>\n\t<meta name=\"twitter:data1\" content=\"6 minutos\" \/>\n<script type=\"application\/ld+json\" class=\"yoast-schema-graph\">{\"@context\":\"https:\/\/schema.org\",\"@graph\":[{\"@type\":\"WebPage\",\"@id\":\"https:\/\/www.efacec.com\/privacy-policy\/\",\"url\":\"https:\/\/www.efacec.com\/privacy-policy\/\",\"name\":\"Privacy policy - Efacec\",\"isPartOf\":{\"@id\":\"https:\/\/www.efacec.com\/#website\"},\"datePublished\":\"2024-11-04T12:45:33+00:00\",\"dateModified\":\"2026-01-27T16:39:48+00:00\",\"description\":\"Our Privacy Policy outlines how personal data is collected, used, and protected, ensuring compliance with data protection regulations.\",\"breadcrumb\":{\"@id\":\"https:\/\/www.efacec.com\/privacy-policy\/#breadcrumb\"},\"inLanguage\":\"pt-PT\",\"potentialAction\":[{\"@type\":\"ReadAction\",\"target\":[\"https:\/\/www.efacec.com\/privacy-policy\/\"]}]},{\"@type\":\"BreadcrumbList\",\"@id\":\"https:\/\/www.efacec.com\/privacy-policy\/#breadcrumb\",\"itemListElement\":[{\"@type\":\"ListItem\",\"position\":1,\"name\":\"In\u00edcio\",\"item\":\"https:\/\/www.efacec.com\/\"},{\"@type\":\"ListItem\",\"position\":2,\"name\":\"Privacy policy\"}]},{\"@type\":\"WebSite\",\"@id\":\"https:\/\/www.efacec.com\/#website\",\"url\":\"https:\/\/www.efacec.com\/\",\"name\":\"Efacec\",\"description\":\"\",\"potentialAction\":[{\"@type\":\"SearchAction\",\"target\":{\"@type\":\"EntryPoint\",\"urlTemplate\":\"https:\/\/www.efacec.com\/?s={search_term_string}\"},\"query-input\":{\"@type\":\"PropertyValueSpecification\",\"valueRequired\":true,\"valueName\":\"search_term_string\"}}],\"inLanguage\":\"pt-PT\"}]}<\/script>\n<!-- \/ Yoast SEO Premium plugin. -->","yoast_head_json":{"title":"Privacy policy - Efacec","description":"Our Privacy Policy outlines how personal data is collected, used, and protected, ensuring compliance with data protection regulations.","robots":{"index":"index","follow":"follow","max-snippet":"max-snippet:-1","max-image-preview":"max-image-preview:large","max-video-preview":"max-video-preview:-1"},"canonical":"https:\/\/www.efacec.com\/pt\/politica-privacidade\/","og_locale":"pt_PT","og_type":"article","og_title":"Privacy policy","og_description":"Our Privacy Policy outlines how personal data is collected, used, and protected, ensuring compliance with data protection regulations.","og_url":"https:\/\/www.efacec.com\/pt\/politica-privacidade\/","og_site_name":"Efacec","article_modified_time":"2026-01-27T16:39:48+00:00","twitter_card":"summary_large_image","twitter_misc":{"Est. reading time":"6 minutos"},"schema":{"@context":"https:\/\/schema.org","@graph":[{"@type":"WebPage","@id":"https:\/\/www.efacec.com\/privacy-policy\/","url":"https:\/\/www.efacec.com\/privacy-policy\/","name":"Privacy policy - Efacec","isPartOf":{"@id":"https:\/\/www.efacec.com\/#website"},"datePublished":"2024-11-04T12:45:33+00:00","dateModified":"2026-01-27T16:39:48+00:00","description":"Our Privacy Policy outlines how personal data is collected, used, and protected, ensuring compliance with data protection regulations.","breadcrumb":{"@id":"https:\/\/www.efacec.com\/privacy-policy\/#breadcrumb"},"inLanguage":"pt-PT","potentialAction":[{"@type":"ReadAction","target":["https:\/\/www.efacec.com\/privacy-policy\/"]}]},{"@type":"BreadcrumbList","@id":"https:\/\/www.efacec.com\/privacy-policy\/#breadcrumb","itemListElement":[{"@type":"ListItem","position":1,"name":"In\u00edcio","item":"https:\/\/www.efacec.com\/"},{"@type":"ListItem","position":2,"name":"Privacy policy"}]},{"@type":"WebSite","@id":"https:\/\/www.efacec.com\/#website","url":"https:\/\/www.efacec.com\/","name":"Efacec","description":"","potentialAction":[{"@type":"SearchAction","target":{"@type":"EntryPoint","urlTemplate":"https:\/\/www.efacec.com\/?s={search_term_string}"},"query-input":{"@type":"PropertyValueSpecification","valueRequired":true,"valueName":"search_term_string"}}],"inLanguage":"pt-PT"}]}},"_links":{"self":[{"href":"https:\/\/www.efacec.com\/pt\/wp-json\/wp\/v2\/pages\/4014","targetHints":{"allow":["GET"]}}],"collection":[{"href":"https:\/\/www.efacec.com\/pt\/wp-json\/wp\/v2\/pages"}],"about":[{"href":"https:\/\/www.efacec.com\/pt\/wp-json\/wp\/v2\/types\/page"}],"author":[{"embeddable":true,"href":"https:\/\/www.efacec.com\/pt\/wp-json\/wp\/v2\/users\/1"}],"replies":[{"embeddable":true,"href":"https:\/\/www.efacec.com\/pt\/wp-json\/wp\/v2\/comments?post=4014"}],"version-history":[{"count":25,"href":"https:\/\/www.efacec.com\/pt\/wp-json\/wp\/v2\/pages\/4014\/revisions"}],"predecessor-version":[{"id":7615,"href":"https:\/\/www.efacec.com\/pt\/wp-json\/wp\/v2\/pages\/4014\/revisions\/7615"}],"wp:attachment":[{"href":"https:\/\/www.efacec.com\/pt\/wp-json\/wp\/v2\/media?parent=4014"}],"curies":[{"name":"wp","href":"https:\/\/api.w.org\/{rel}","templated":true}]}}